{"id":13962,"date":"2022-04-15T21:39:32","date_gmt":"2022-04-15T21:39:32","guid":{"rendered":"https:\/\/fineshelf.com\/?page_id=13962"},"modified":"2022-04-16T12:08:07","modified_gmt":"2022-04-16T12:08:07","slug":"6-snygga-vedstall-inomhus","status":"publish","type":"page","link":"https:\/\/fineshelf.com\/sv\/artikel\/6-snygga-vedstall-inomhus\/","title":{"rendered":"6 snygga vedst\u00e4ll att ha inomhus"},"content":{"rendered":"\n<p><strong>En eldstad i form av en sprakande brasa \u00e4r lika med livskvalitet och ett m\u00e5ste, eller i alla fall ett hett \u00f6nskem\u00e5l f\u00f6r m\u00e5nga av oss n\u00e4r vi v\u00e4ljer bostad. Som ett ordspr\u00e5k fr\u00e5n Spanien lyder:<em> <\/em>\u201cEtt hem utan en eld \u00e4r som en kropp utan en sj\u00e4l.\u201d Att samlas kring elden under m\u00f6rka vinterkv\u00e4llar eller ruggiga sommarkv\u00e4llar n\u00e4r regnet duggar utanf\u00f6r \u00e4r n\u00e5got vi delat med v\u00e5ra f\u00f6rf\u00e4der sedan urminnes tider.&nbsp;<\/strong><\/p>\n\n\n\n<p>Nuf\u00f6rtiden \u00e4r eldstaden ett viktigt inslag i inredningen och kan vara sliten och rustik, sirlig och romantisk eller modern och minimalistisk. Allt f\u00f6r att passa in i bostadens \u00f6vriga stil. F\u00f6r att kunna elda bekv\u00e4mt n\u00e4r du vill s\u00e5 beh\u00f6ver du f\u00f6rst\u00e5s tillr\u00e4ckligt med ved inom r\u00e4ckh\u00e5ll att elda med. Det finns en stor variation av vedst\u00e4ll f\u00f6r att kunna passa in i den stilen som r\u00e5der i just ditt hem och med dina krav p\u00e5 funktion. Ett vedst\u00e4ll kan vara en dekoration i sig sj\u00e4lv och ge en mysig, ombonad hemk\u00e4nsla. Kom ih\u00e5g att f\u00f6rankra dit vedst\u00e4ll i v\u00e4ggen s\u00e5 det inte kan tippa. Speciellt viktigt om du har barn i hemmet.<\/p>\n\n\n\n<h2 class=\"wp-block-heading\">Runt vedst\u00e4ll fr\u00e5n Esshert Design<\/h2>\n\n\n\n<figure class=\"wp-block-image size-large\"><img loading=\"lazy\" decoding=\"async\" width=\"1024\" height=\"1024\" src=\"https:\/\/fineshelf.com\/wp-content\/uploads\/2022\/04\/runt-vedstall-esshert-1024x1024.jpg\" alt=\"Rund vedst\u00e4ll Esshert design\" class=\"wp-image-13963\" srcset=\"https:\/\/fineshelf.com\/wp-content\/uploads\/2022\/04\/runt-vedstall-esshert.jpg 1024w, https:\/\/fineshelf.com\/wp-content\/uploads\/2022\/04\/runt-vedstall-esshert-300x300.jpg 300w, https:\/\/fineshelf.com\/wp-content\/uploads\/2022\/04\/runt-vedstall-esshert-150x150.jpg 150w, https:\/\/fineshelf.com\/wp-content\/uploads\/2022\/04\/runt-vedstall-esshert-768x768.jpg 768w, https:\/\/fineshelf.com\/wp-content\/uploads\/2022\/04\/runt-vedstall-esshert-600x600.jpg 600w\" sizes=\"auto, (max-width: 1024px) 100vw, 1024px\" \/><\/figure>\n\n\n\n<p>Praktisk, unik och dekorativ \u00e4r detta vedst\u00e4ll i rundad pl\u00e5t. Vackert s\u00e5v\u00e4l i ditt uterum som i ditt vardagsrum.<\/p>\n\n\n\n<div class=\"wp-block-buttons is-layout-flex wp-block-buttons-is-layout-flex\">\n<div class=\"wp-block-button\"><a class=\"wp-block-button__link external\" href=\"https:\/\/tc.tradetracker.net\/?c=17969&amp;m=12&amp;a=379086&amp;r=&amp;u=%2Fe%2Fesschert-design-vedforvaring-rund-ff282%2F8714982134258.htm\" rel=\"nofollow\">G\u00e5 till vedst\u00e4llet<\/a><\/div>\n<\/div>\n\n\n\n<h2 class=\"wp-block-heading\">Svart vedst\u00e4ll fr\u00e5n Perel<\/h2>\n\n\n\n<figure class=\"wp-block-image size-large\"><img loading=\"lazy\" decoding=\"async\" width=\"1024\" height=\"1024\" src=\"https:\/\/fineshelf.com\/wp-content\/uploads\/2022\/04\/2-perel-vedstall-svart-2022-1024x1024.jpg\" alt=\"Stilrent vedst\u00e4ll i svart fr\u00e5n Perel\" class=\"wp-image-13965\" srcset=\"https:\/\/fineshelf.com\/wp-content\/uploads\/2022\/04\/2-perel-vedstall-svart-2022.jpg 1024w, https:\/\/fineshelf.com\/wp-content\/uploads\/2022\/04\/2-perel-vedstall-svart-2022-300x300.jpg 300w, https:\/\/fineshelf.com\/wp-content\/uploads\/2022\/04\/2-perel-vedstall-svart-2022-150x150.jpg 150w, https:\/\/fineshelf.com\/wp-content\/uploads\/2022\/04\/2-perel-vedstall-svart-2022-768x768.jpg 768w, https:\/\/fineshelf.com\/wp-content\/uploads\/2022\/04\/2-perel-vedstall-svart-2022-600x600.jpg 600w\" sizes=\"auto, (max-width: 1024px) 100vw, 1024px\" \/><\/figure>\n\n\n\n<p>Vertikalt vedst\u00e4ll som maxar f\u00f6rvaring av ved p\u00e5 en liten yta. Ett vedst\u00e4ll fr\u00e5n Peral i modern design. Elegant svart finish i pulverlackerat st\u00e5l. Ett oumb\u00e4rligt tillbeh\u00f6r bredvid din mysiga eldstad.<\/p>\n\n\n\n<div class=\"wp-block-buttons is-layout-flex wp-block-buttons-is-layout-flex\">\n<div class=\"wp-block-button\"><a class=\"wp-block-button__link external\" href=\"https:\/\/tc.tradetracker.net\/?c=17969&amp;m=12&amp;a=379086&amp;r=&amp;u=%2Fe%2Fperel-vedstall-45x30x100cm-svart%2F5410329691554.html\" rel=\"nofollow\">G\u00e5 till vedst\u00e4llet<\/a><\/div>\n<\/div>\n\n\n\n<h2 class=\"wp-block-heading\">Vedst\u00e4ll fr\u00e5n Label51<\/h2>\n\n\n\n<figure class=\"wp-block-image size-large\"><img loading=\"lazy\" decoding=\"async\" width=\"1024\" height=\"1024\" src=\"https:\/\/fineshelf.com\/wp-content\/uploads\/2022\/04\/3-label51-vedstall-1024x1024.jpg\" alt=\"Vedst\u00e4ll label51\" class=\"wp-image-13967\" srcset=\"https:\/\/fineshelf.com\/wp-content\/uploads\/2022\/04\/3-label51-vedstall.jpg 1024w, https:\/\/fineshelf.com\/wp-content\/uploads\/2022\/04\/3-label51-vedstall-300x300.jpg 300w, https:\/\/fineshelf.com\/wp-content\/uploads\/2022\/04\/3-label51-vedstall-150x150.jpg 150w, https:\/\/fineshelf.com\/wp-content\/uploads\/2022\/04\/3-label51-vedstall-768x768.jpg 768w, https:\/\/fineshelf.com\/wp-content\/uploads\/2022\/04\/3-label51-vedstall-600x600.jpg 600w\" sizes=\"auto, (max-width: 1024px) 100vw, 1024px\" \/><\/figure>\n\n\n\n<p>Ett vertikalt vedst\u00e4ll med robust design i kraftig metall. F\u00f6r dig som vill inreda ditt hem med industriell design \u00e4r detta det perfekta valet av vedst\u00e4ll. Den vertikala formen frig\u00f6r golvyta och blir ett dekorativt inslag i ditt hem.<\/p>\n\n\n\n<div class=\"wp-block-buttons is-layout-flex wp-block-buttons-is-layout-flex\">\n<div class=\"wp-block-button\"><a class=\"wp-block-button__link external\" href=\"https:\/\/tc.tradetracker.net\/?c=17969&amp;m=12&amp;a=379086&amp;r=&amp;u=%2Fe%2Flabel51-vedstall-30x25x80-cm-l%2F8718885274875.html\" rel=\"nofollow\">G\u00e5 till vedst\u00e4llet<\/a><\/div>\n<\/div>\n\n\n\n<h2 class=\"wp-block-heading\">Genomskinligt vedst\u00e4ll fr\u00e5n VidaXL<\/h2>\n\n\n\n<figure class=\"wp-block-image size-large\"><img loading=\"lazy\" decoding=\"async\" width=\"1024\" height=\"1024\" src=\"https:\/\/fineshelf.com\/wp-content\/uploads\/2022\/04\/4-vedstall-1024x1024.jpg\" alt=\"Vedst\u00e4ll i glas\" class=\"wp-image-13969\" srcset=\"https:\/\/fineshelf.com\/wp-content\/uploads\/2022\/04\/4-vedstall.jpg 1024w, https:\/\/fineshelf.com\/wp-content\/uploads\/2022\/04\/4-vedstall-300x300.jpg 300w, https:\/\/fineshelf.com\/wp-content\/uploads\/2022\/04\/4-vedstall-150x150.jpg 150w, https:\/\/fineshelf.com\/wp-content\/uploads\/2022\/04\/4-vedstall-768x768.jpg 768w, https:\/\/fineshelf.com\/wp-content\/uploads\/2022\/04\/4-vedstall-600x600.jpg 600w\" sizes=\"auto, (max-width: 1024px) 100vw, 1024px\" \/><\/figure>\n\n\n\n<p>H\u00e4rdat glas. Stilren metall. Detta luftiga vedst\u00e4ll sm\u00e4lter mjukt in i din inredning utan att ta f\u00f6r sig allt f\u00f6r mycket. Vedst\u00e4llet \u00e4r mycket stabilt och rymmer gott om ved som v\u00e4rmer under frusna kv\u00e4llar.<\/p>\n\n\n\n<div class=\"wp-block-buttons is-layout-flex wp-block-buttons-is-layout-flex\">\n<div class=\"wp-block-button\"><a class=\"wp-block-button__link external\" href=\"https:\/\/tc.tradetracker.net\/?c=17969&amp;m=12&amp;a=379086&amp;r=&amp;u=%2Fe%2Fvidaxl-vedstall-genomskinlig-80x35x60-cm-glas%2F8719883580562.html\" rel=\"nofollow\">G\u00e5 till vedst\u00e4llet<\/a><\/div>\n<\/div>\n\n\n\n<h2 class=\"wp-block-heading\">Vedst\u00e4ll i svart glas och metall<\/h2>\n\n\n\n<figure class=\"wp-block-image size-large\"><img loading=\"lazy\" decoding=\"async\" width=\"1024\" height=\"1024\" src=\"https:\/\/fineshelf.com\/wp-content\/uploads\/2022\/04\/5-vedstall-1024x1024.jpg\" alt=\"Vedst\u00e4ll metall och svart glas\" class=\"wp-image-13971\" srcset=\"https:\/\/fineshelf.com\/wp-content\/uploads\/2022\/04\/5-vedstall.jpg 1024w, https:\/\/fineshelf.com\/wp-content\/uploads\/2022\/04\/5-vedstall-300x300.jpg 300w, https:\/\/fineshelf.com\/wp-content\/uploads\/2022\/04\/5-vedstall-150x150.jpg 150w, https:\/\/fineshelf.com\/wp-content\/uploads\/2022\/04\/5-vedstall-768x768.jpg 768w, https:\/\/fineshelf.com\/wp-content\/uploads\/2022\/04\/5-vedstall-600x600.jpg 600w\" sizes=\"auto, (max-width: 1024px) 100vw, 1024px\" \/><\/figure>\n\n\n\n<p>Tycker du om svart glas och krom kommer du att gilla detta vedst\u00e4ll fr\u00e5n VidaXL. Tar inte mycket plats i rummet d\u00e5 det m\u00e4ter 40 cm i bredd och 60 cm i h\u00f6jd. Trots detta rymmer det en hel del ved och st\u00e5r stabilt p\u00e5 golvet.&nbsp;<\/p>\n\n\n\n<div class=\"wp-block-buttons is-layout-flex wp-block-buttons-is-layout-flex\">\n<div class=\"wp-block-button\"><a class=\"wp-block-button__link external\" href=\"https:\/\/tc.tradetracker.net\/?c=17969&amp;m=12&amp;a=379086&amp;r=&amp;u=%2Fe%2Fvidaxl-vedstall-svart-40x35x60-cm-glas%2F8719883580548.html\" rel=\"nofollow\">G\u00e5 till vedst\u00e4llet<\/a><\/div>\n<\/div>\n\n\n\n<h2 class=\"wp-block-heading\">Perel Vedkorg (ett mindre alterantiv till vedst\u00e4llet)<\/h2>\n\n\n\n<figure class=\"wp-block-image size-large\"><img loading=\"lazy\" decoding=\"async\" width=\"1024\" height=\"1024\" src=\"https:\/\/fineshelf.com\/wp-content\/uploads\/2022\/04\/6-vedkorg-vedstall-1024x1024.jpg\" alt=\"Vedkorgen: Ett alterantiv till vedst\u00e4llet\" class=\"wp-image-13973\" srcset=\"https:\/\/fineshelf.com\/wp-content\/uploads\/2022\/04\/6-vedkorg-vedstall.jpg 1024w, https:\/\/fineshelf.com\/wp-content\/uploads\/2022\/04\/6-vedkorg-vedstall-300x300.jpg 300w, https:\/\/fineshelf.com\/wp-content\/uploads\/2022\/04\/6-vedkorg-vedstall-150x150.jpg 150w, https:\/\/fineshelf.com\/wp-content\/uploads\/2022\/04\/6-vedkorg-vedstall-768x768.jpg 768w, https:\/\/fineshelf.com\/wp-content\/uploads\/2022\/04\/6-vedkorg-vedstall-600x600.jpg 600w\" sizes=\"auto, (max-width: 1024px) 100vw, 1024px\" \/><\/figure>\n\n\n\n<p>F\u00f6redrar du en korg att f\u00f6rvara din ved i ist\u00e4llet f\u00f6r ett vedst\u00e4ll s\u00e5 \u00e4r detta ett stilrent alternativ. Elegant design i svart konstl\u00e4der. Perfekt f\u00f6r den mindre bostaden d\u00e4r den l\u00e4tt kan stuvas undan. Passar \u00e4ven att f\u00f6rvara till exempel pellets och varma filtar.<\/p>\n\n\n\n<div class=\"wp-block-buttons is-layout-flex wp-block-buttons-is-layout-flex\">\n<div class=\"wp-block-button\"><a class=\"wp-block-button__link external\" href=\"https:\/\/tc.tradetracker.net\/?c=17969&amp;m=12&amp;a=379086&amp;r=&amp;u=%2Fe%2Fperel-vedkorg-39x31cm-svart%2F5410329708313.html\" rel=\"nofollow\">G\u00e5 till vedst\u00e4llet<\/a><\/div>\n<\/div>\n","protected":false},"excerpt":{"rendered":"<p>En eldstad i form av en sprakande brasa \u00e4r lika med livskvalitet och ett m\u00e5ste, eller i alla fall ett hett \u00f6nskem\u00e5l f\u00f6r m\u00e5nga av oss n\u00e4r vi v\u00e4ljer bostad. Som ett ordspr\u00e5k fr\u00e5n Spanien lyder: \u201cEtt hem utan en eld \u00e4r som en kropp utan en sj\u00e4l.\u201d Att samlas kring elden under m\u00f6rka vinterkv\u00e4llar [&hellip;]<\/p>\n","protected":false},"author":1,"featured_media":14604,"parent":13665,"menu_order":0,"comment_status":"closed","ping_status":"closed","template":"","meta":{"_genesis_hide_title":false,"_genesis_hide_breadcrumbs":false,"_genesis_hide_singular_image":false,"_genesis_hide_footer_widgets":false,"_genesis_custom_body_class":"","_genesis_custom_post_class":"","_genesis_layout":"","footnotes":""},"class_list":{"0":"post-13962","1":"page","2":"type-page","3":"status-publish","4":"has-post-thumbnail","6":"entry"},"yoast_head":"<!-- This site is optimized with the Yoast SEO plugin v27.5 - https:\/\/yoast.com\/product\/yoast-seo-wordpress\/ -->\n<title>6 Snygga vedst\u00e4ll att ha inomhus | Design | Fineshelf.com<\/title>\n<meta name=\"description\" content=\"Hur \u00e4r det att ha ett vedst\u00e4ll inomhus? \u2713 Tips p\u00e5 snygga vedst\u00e4ll online under 2025 \u2713 Flera olika designer \u2713 Finn inspirationen p\u00e5 fineshelf.com\" \/>\n<meta name=\"robots\" content=\"index, follow, max-snippet:-1, max-image-preview:large, max-video-preview:-1\" \/>\n<link rel=\"canonical\" href=\"https:\/\/fineshelf.com\/sv\/artikel\/6-snygga-vedstall-inomhus\/\" \/>\n<meta property=\"og:locale\" content=\"sv_SE\" \/>\n<meta property=\"og:type\" content=\"article\" \/>\n<meta property=\"og:title\" content=\"6 Snygga vedst\u00e4ll att ha inomhus | Design | Fineshelf.com\" \/>\n<meta property=\"og:description\" content=\"Hur \u00e4r det att ha ett vedst\u00e4ll inomhus? \u2713 Tips p\u00e5 snygga vedst\u00e4ll online under 2025 \u2713 Flera olika designer \u2713 Finn inspirationen p\u00e5 fineshelf.com\" \/>\n<meta property=\"og:url\" content=\"https:\/\/fineshelf.com\/sv\/artikel\/6-snygga-vedstall-inomhus\/\" \/>\n<meta property=\"og:site_name\" content=\"Fineshelf.com\" \/>\n<meta property=\"article:modified_time\" content=\"2022-04-16T12:08:07+00:00\" \/>\n<meta property=\"og:image\" content=\"https:\/\/i0.wp.com\/fineshelf.com\/wp-content\/uploads\/2022\/04\/vedstall-inomhus.jpg?fit=1600%2C800&ssl=1\" \/>\n\t<meta property=\"og:image:width\" content=\"1600\" \/>\n\t<meta property=\"og:image:height\" content=\"800\" \/>\n\t<meta property=\"og:image:type\" content=\"image\/jpeg\" \/>\n<meta name=\"twitter:card\" content=\"summary_large_image\" \/>\n<meta name=\"twitter:label1\" content=\"Ber\u00e4knad l\u00e4stid\" \/>\n\t<meta name=\"twitter:data1\" content=\"3 minuter\" \/>\n<script type=\"application\/ld+json\" class=\"yoast-schema-graph\">{\"@context\":\"https:\\\/\\\/schema.org\",\"@graph\":[{\"@type\":\"WebPage\",\"@id\":\"https:\\\/\\\/fineshelf.com\\\/sv\\\/artikel\\\/6-snygga-vedstall-inomhus\\\/\",\"url\":\"https:\\\/\\\/fineshelf.com\\\/sv\\\/artikel\\\/6-snygga-vedstall-inomhus\\\/\",\"name\":\"6 Snygga vedst\u00e4ll att ha inomhus | Design | Fineshelf.com\",\"isPartOf\":{\"@id\":\"https:\\\/\\\/fineshelf.com\\\/sv\\\/#website\"},\"primaryImageOfPage\":{\"@id\":\"https:\\\/\\\/fineshelf.com\\\/sv\\\/artikel\\\/6-snygga-vedstall-inomhus\\\/#primaryimage\"},\"image\":{\"@id\":\"https:\\\/\\\/fineshelf.com\\\/sv\\\/artikel\\\/6-snygga-vedstall-inomhus\\\/#primaryimage\"},\"thumbnailUrl\":\"https:\\\/\\\/fineshelf.com\\\/wp-content\\\/uploads\\\/2022\\\/04\\\/vedstall-inomhus.jpg\",\"datePublished\":\"2022-04-15T21:39:32+00:00\",\"dateModified\":\"2022-04-16T12:08:07+00:00\",\"description\":\"Hur \u00e4r det att ha ett vedst\u00e4ll inomhus? \u2713 Tips p\u00e5 snygga vedst\u00e4ll online under 2025 \u2713 Flera olika designer \u2713 Finn inspirationen p\u00e5 fineshelf.com\",\"breadcrumb\":{\"@id\":\"https:\\\/\\\/fineshelf.com\\\/sv\\\/artikel\\\/6-snygga-vedstall-inomhus\\\/#breadcrumb\"},\"inLanguage\":\"sv-SE\",\"potentialAction\":[{\"@type\":\"ReadAction\",\"target\":[\"https:\\\/\\\/fineshelf.com\\\/sv\\\/artikel\\\/6-snygga-vedstall-inomhus\\\/\"]}]},{\"@type\":\"ImageObject\",\"inLanguage\":\"sv-SE\",\"@id\":\"https:\\\/\\\/fineshelf.com\\\/sv\\\/artikel\\\/6-snygga-vedstall-inomhus\\\/#primaryimage\",\"url\":\"https:\\\/\\\/fineshelf.com\\\/wp-content\\\/uploads\\\/2022\\\/04\\\/vedstall-inomhus.jpg\",\"contentUrl\":\"https:\\\/\\\/fineshelf.com\\\/wp-content\\\/uploads\\\/2022\\\/04\\\/vedstall-inomhus.jpg\",\"width\":1600,\"height\":800,\"caption\":\"vedst\u00e4ll inomhus kollage\"},{\"@type\":\"BreadcrumbList\",\"@id\":\"https:\\\/\\\/fineshelf.com\\\/sv\\\/artikel\\\/6-snygga-vedstall-inomhus\\\/#breadcrumb\",\"itemListElement\":[{\"@type\":\"ListItem\",\"position\":1,\"name\":\"Home\",\"item\":\"https:\\\/\\\/fineshelf.com\\\/sv\\\/\"},{\"@type\":\"ListItem\",\"position\":2,\"name\":\"Senaste artiklar\",\"item\":\"https:\\\/\\\/fineshelf.com\\\/sv\\\/artikel\\\/\"},{\"@type\":\"ListItem\",\"position\":3,\"name\":\"6 snygga vedst\u00e4ll att ha inomhus\"}]},{\"@type\":\"WebSite\",\"@id\":\"https:\\\/\\\/fineshelf.com\\\/sv\\\/#website\",\"url\":\"https:\\\/\\\/fineshelf.com\\\/sv\\\/\",\"name\":\"Fineshelf.com\",\"description\":\"FS\",\"publisher\":{\"@id\":\"https:\\\/\\\/fineshelf.com\\\/sv\\\/#organization\"},\"potentialAction\":[{\"@type\":\"SearchAction\",\"target\":{\"@type\":\"EntryPoint\",\"urlTemplate\":\"https:\\\/\\\/fineshelf.com\\\/sv\\\/?s={search_term_string}\"},\"query-input\":{\"@type\":\"PropertyValueSpecification\",\"valueRequired\":true,\"valueName\":\"search_term_string\"}}],\"inLanguage\":\"sv-SE\"},{\"@type\":\"Organization\",\"@id\":\"https:\\\/\\\/fineshelf.com\\\/sv\\\/#organization\",\"name\":\"Fineshelf AB\",\"url\":\"https:\\\/\\\/fineshelf.com\\\/sv\\\/\",\"logo\":{\"@type\":\"ImageObject\",\"inLanguage\":\"sv-SE\",\"@id\":\"https:\\\/\\\/fineshelf.com\\\/sv\\\/#\\\/schema\\\/logo\\\/image\\\/\",\"url\":\"https:\\\/\\\/i0.wp.com\\\/fineshelf.com\\\/wp-content\\\/uploads\\\/2022\\\/06\\\/fineshelf-logo-black-background-simple.png?fit=500%2C128&ssl=1\",\"contentUrl\":\"https:\\\/\\\/i0.wp.com\\\/fineshelf.com\\\/wp-content\\\/uploads\\\/2022\\\/06\\\/fineshelf-logo-black-background-simple.png?fit=500%2C128&ssl=1\",\"width\":500,\"height\":128,\"caption\":\"Fineshelf AB\"},\"image\":{\"@id\":\"https:\\\/\\\/fineshelf.com\\\/sv\\\/#\\\/schema\\\/logo\\\/image\\\/\"}}]}<\/script>\n<!-- \/ Yoast SEO plugin. -->","yoast_head_json":{"title":"6 Snygga vedst\u00e4ll att ha inomhus | Design | Fineshelf.com","description":"Hur \u00e4r det att ha ett vedst\u00e4ll inomhus? \u2713 Tips p\u00e5 snygga vedst\u00e4ll online under 2025 \u2713 Flera olika designer \u2713 Finn inspirationen p\u00e5 fineshelf.com","robots":{"index":"index","follow":"follow","max-snippet":"max-snippet:-1","max-image-preview":"max-image-preview:large","max-video-preview":"max-video-preview:-1"},"canonical":"https:\/\/fineshelf.com\/sv\/artikel\/6-snygga-vedstall-inomhus\/","og_locale":"sv_SE","og_type":"article","og_title":"6 Snygga vedst\u00e4ll att ha inomhus | Design | Fineshelf.com","og_description":"Hur \u00e4r det att ha ett vedst\u00e4ll inomhus? \u2713 Tips p\u00e5 snygga vedst\u00e4ll online under 2025 \u2713 Flera olika designer \u2713 Finn inspirationen p\u00e5 fineshelf.com","og_url":"https:\/\/fineshelf.com\/sv\/artikel\/6-snygga-vedstall-inomhus\/","og_site_name":"Fineshelf.com","article_modified_time":"2022-04-16T12:08:07+00:00","og_image":[{"width":1600,"height":800,"url":"https:\/\/i0.wp.com\/fineshelf.com\/wp-content\/uploads\/2022\/04\/vedstall-inomhus.jpg?fit=1600%2C800&ssl=1","type":"image\/jpeg"}],"twitter_card":"summary_large_image","twitter_misc":{"Ber\u00e4knad l\u00e4stid":"3 minuter"},"schema":{"@context":"https:\/\/schema.org","@graph":[{"@type":"WebPage","@id":"https:\/\/fineshelf.com\/sv\/artikel\/6-snygga-vedstall-inomhus\/","url":"https:\/\/fineshelf.com\/sv\/artikel\/6-snygga-vedstall-inomhus\/","name":"6 Snygga vedst\u00e4ll att ha inomhus | Design | Fineshelf.com","isPartOf":{"@id":"https:\/\/fineshelf.com\/sv\/#website"},"primaryImageOfPage":{"@id":"https:\/\/fineshelf.com\/sv\/artikel\/6-snygga-vedstall-inomhus\/#primaryimage"},"image":{"@id":"https:\/\/fineshelf.com\/sv\/artikel\/6-snygga-vedstall-inomhus\/#primaryimage"},"thumbnailUrl":"https:\/\/fineshelf.com\/wp-content\/uploads\/2022\/04\/vedstall-inomhus.jpg","datePublished":"2022-04-15T21:39:32+00:00","dateModified":"2022-04-16T12:08:07+00:00","description":"Hur \u00e4r det att ha ett vedst\u00e4ll inomhus? \u2713 Tips p\u00e5 snygga vedst\u00e4ll online under 2025 \u2713 Flera olika designer \u2713 Finn inspirationen p\u00e5 fineshelf.com","breadcrumb":{"@id":"https:\/\/fineshelf.com\/sv\/artikel\/6-snygga-vedstall-inomhus\/#breadcrumb"},"inLanguage":"sv-SE","potentialAction":[{"@type":"ReadAction","target":["https:\/\/fineshelf.com\/sv\/artikel\/6-snygga-vedstall-inomhus\/"]}]},{"@type":"ImageObject","inLanguage":"sv-SE","@id":"https:\/\/fineshelf.com\/sv\/artikel\/6-snygga-vedstall-inomhus\/#primaryimage","url":"https:\/\/fineshelf.com\/wp-content\/uploads\/2022\/04\/vedstall-inomhus.jpg","contentUrl":"https:\/\/fineshelf.com\/wp-content\/uploads\/2022\/04\/vedstall-inomhus.jpg","width":1600,"height":800,"caption":"vedst\u00e4ll inomhus kollage"},{"@type":"BreadcrumbList","@id":"https:\/\/fineshelf.com\/sv\/artikel\/6-snygga-vedstall-inomhus\/#breadcrumb","itemListElement":[{"@type":"ListItem","position":1,"name":"Home","item":"https:\/\/fineshelf.com\/sv\/"},{"@type":"ListItem","position":2,"name":"Senaste artiklar","item":"https:\/\/fineshelf.com\/sv\/artikel\/"},{"@type":"ListItem","position":3,"name":"6 snygga vedst\u00e4ll att ha inomhus"}]},{"@type":"WebSite","@id":"https:\/\/fineshelf.com\/sv\/#website","url":"https:\/\/fineshelf.com\/sv\/","name":"Fineshelf.com","description":"FS","publisher":{"@id":"https:\/\/fineshelf.com\/sv\/#organization"},"potentialAction":[{"@type":"SearchAction","target":{"@type":"EntryPoint","urlTemplate":"https:\/\/fineshelf.com\/sv\/?s={search_term_string}"},"query-input":{"@type":"PropertyValueSpecification","valueRequired":true,"valueName":"search_term_string"}}],"inLanguage":"sv-SE"},{"@type":"Organization","@id":"https:\/\/fineshelf.com\/sv\/#organization","name":"Fineshelf AB","url":"https:\/\/fineshelf.com\/sv\/","logo":{"@type":"ImageObject","inLanguage":"sv-SE","@id":"https:\/\/fineshelf.com\/sv\/#\/schema\/logo\/image\/","url":"https:\/\/i0.wp.com\/fineshelf.com\/wp-content\/uploads\/2022\/06\/fineshelf-logo-black-background-simple.png?fit=500%2C128&ssl=1","contentUrl":"https:\/\/i0.wp.com\/fineshelf.com\/wp-content\/uploads\/2022\/06\/fineshelf-logo-black-background-simple.png?fit=500%2C128&ssl=1","width":500,"height":128,"caption":"Fineshelf AB"},"image":{"@id":"https:\/\/fineshelf.com\/sv\/#\/schema\/logo\/image\/"}}]}},"featured_image_src":"https:\/\/fineshelf.com\/wp-content\/uploads\/2022\/04\/vedstall-inomhus-600x400.jpg","featured_image_src_square":"https:\/\/fineshelf.com\/wp-content\/uploads\/2022\/04\/vedstall-inomhus-600x600.jpg","_links":{"self":[{"href":"https:\/\/fineshelf.com\/sv\/wp-json\/wp\/v2\/pages\/13962","targetHints":{"allow":["GET"]}}],"collection":[{"href":"https:\/\/fineshelf.com\/sv\/wp-json\/wp\/v2\/pages"}],"about":[{"href":"https:\/\/fineshelf.com\/sv\/wp-json\/wp\/v2\/types\/page"}],"author":[{"embeddable":true,"href":"https:\/\/fineshelf.com\/sv\/wp-json\/wp\/v2\/users\/1"}],"replies":[{"embeddable":true,"href":"https:\/\/fineshelf.com\/sv\/wp-json\/wp\/v2\/comments?post=13962"}],"version-history":[{"count":6,"href":"https:\/\/fineshelf.com\/sv\/wp-json\/wp\/v2\/pages\/13962\/revisions"}],"predecessor-version":[{"id":13983,"href":"https:\/\/fineshelf.com\/sv\/wp-json\/wp\/v2\/pages\/13962\/revisions\/13983"}],"up":[{"embeddable":true,"href":"https:\/\/fineshelf.com\/sv\/wp-json\/wp\/v2\/pages\/13665"}],"wp:featuredmedia":[{"embeddable":true,"href":"https:\/\/fineshelf.com\/sv\/wp-json\/wp\/v2\/media\/14604"}],"wp:attachment":[{"href":"https:\/\/fineshelf.com\/sv\/wp-json\/wp\/v2\/media?parent=13962"}],"curies":[{"name":"wp","href":"https:\/\/api.w.org\/{rel}","templated":true}]}}